{"id":319,"date":"2022-11-08T12:18:50","date_gmt":"2022-11-08T12:18:50","guid":{"rendered":"https:\/\/sancepro.cz\/?page_id=319"},"modified":"2024-02-14T08:59:47","modified_gmt":"2024-02-14T08:59:47","slug":"novinky","status":"publish","type":"page","link":"https:\/\/sancepro.cz\/index.php\/novinky\/","title":{"rendered":"Novinky"},"content":{"rendered":"<style>.elementor-319 .elementor-element.elementor-element-612f8c4 > .elementor-container{max-width:1200px;}.elementor-319 .elementor-element.elementor-element-612f8c4:not(.elementor-motion-effects-element-type-background), .elementor-319 .elementor-element.elementor-element-612f8c4 > .elementor-motion-effects-container > .elementor-motion-effects-layer{background-color:var( --e-global-color-4951816 );}.elementor-319 .elementor-element.elementor-element-612f8c4 > .elementor-background-overlay{opacity:0.1;transition:background 0.3s, border-radius 0.3s, opacity 0.3s;}.elementor-319 .elementor-element.elementor-element-612f8c4{transition:background 0.3s, border 0.3s, border-radius 0.3s, box-shadow 0.3s;margin-top:0px;margin-bottom:0px;padding:50px 0px 50px 0px;}.elementor-319 .elementor-element.elementor-element-70701c52{text-align:center;}.elementor-319 .elementor-element.elementor-element-70701c52 .elementor-heading-title{font-family:var( --e-global-typography-ec068b8-font-family ), Sans-serif;font-size:var( --e-global-typography-ec068b8-font-size );font-weight:var( --e-global-typography-ec068b8-font-weight );line-height:var( --e-global-typography-ec068b8-line-height );letter-spacing:var( --e-global-typography-ec068b8-letter-spacing );word-spacing:var( --e-global-typography-ec068b8-word-spacing );}.elementor-319 .elementor-element.elementor-element-c637994 > .elementor-container{max-width:1200px;}.elementor-319 .elementor-element.elementor-element-c637994{transition:background 0.3s, border 0.3s, border-radius 0.3s, box-shadow 0.3s;padding:100px 0px 100px 0px;}.elementor-319 .elementor-element.elementor-element-c637994 > .elementor-background-overlay{transition:background 0.3s, border-radius 0.3s, opacity 0.3s;}.elementor-319 .elementor-element.elementor-element-8793a3d.elementor-column > .elementor-widget-wrap{justify-content:center;}.elementor-319 .elementor-element.elementor-element-ff91047 > .elementor-container{max-width:1200px;}.elementor-319 .elementor-element.elementor-element-ff91047{margin-top:0px;margin-bottom:40px;}.elementor-bc-flex-widget .elementor-319 .elementor-element.elementor-element-de794a5.elementor-column .elementor-widget-wrap{align-items:flex-end;}.elementor-319 .elementor-element.elementor-element-de794a5.elementor-column.elementor-element[data-element_type=\"column\"] > .elementor-widget-wrap.elementor-element-populated{align-content:flex-end;align-items:flex-end;}.elementor-319 .elementor-element.elementor-element-de794a5.elementor-column > .elementor-widget-wrap{justify-content:flex-end;}.elementor-319 .elementor-element.elementor-element-aac2511 .elementor-posts-container .elementor-post__thumbnail{padding-bottom:calc( 0.66 * 100% );}.elementor-319 .elementor-element.elementor-element-aac2511:after{content:\"0.66\";}.elementor-319 .elementor-element.elementor-element-aac2511 .elementor-post__meta-data span + span:before{content:\"\u2022\";}.elementor-319 .elementor-element.elementor-element-aac2511{--grid-column-gap:30px;--grid-row-gap:35px;}.elementor-319 .elementor-element.elementor-element-aac2511 .elementor-post__card{border-radius:5px;}.elementor-319 .elementor-element.elementor-element-aac2511 .elementor-post__text{margin-top:20px;}.elementor-319 .elementor-element.elementor-element-aac2511 .elementor-post__title, .elementor-319 .elementor-element.elementor-element-aac2511 .elementor-post__title a{color:var( --e-global-color-primary );text-decoration:none;}.elementor-319 .elementor-element.elementor-element-aac2511 a.elementor-post__read-more{font-family:var( --e-global-typography-346c7f3-font-family ), Sans-serif;font-size:var( --e-global-typography-346c7f3-font-size );font-weight:var( --e-global-typography-346c7f3-font-weight );text-transform:var( --e-global-typography-346c7f3-text-transform );text-decoration:var( --e-global-typography-346c7f3-text-decoration );line-height:var( --e-global-typography-346c7f3-line-height );letter-spacing:var( --e-global-typography-346c7f3-letter-spacing );word-spacing:var( --e-global-typography-346c7f3-word-spacing );}:root{--page-title-display:none;}@media(max-width:1024px){.elementor-319 .elementor-element.elementor-element-612f8c4{padding:200px 0px 100px 0px;}.elementor-319 .elementor-element.elementor-element-1d8ab2bb > .elementor-element-populated{margin:0px 10px 0px 10px;--e-column-margin-right:10px;--e-column-margin-left:10px;}.elementor-319 .elementor-element.elementor-element-70701c52 .elementor-heading-title{font-size:var( --e-global-typography-ec068b8-font-size );line-height:var( --e-global-typography-ec068b8-line-height );letter-spacing:var( --e-global-typography-ec068b8-letter-spacing );word-spacing:var( --e-global-typography-ec068b8-word-spacing );}.elementor-319 .elementor-element.elementor-element-c637994{padding:80px 10px 80px 10px;}.elementor-319 .elementor-element.elementor-element-aac2511 a.elementor-post__read-more{font-size:var( --e-global-typography-346c7f3-font-size );line-height:var( --e-global-typography-346c7f3-line-height );letter-spacing:var( --e-global-typography-346c7f3-letter-spacing );word-spacing:var( --e-global-typography-346c7f3-word-spacing );}}@media(max-width:767px){.elementor-319 .elementor-element.elementor-element-612f8c4{margin-top:-100px;margin-bottom:0px;padding:170px 0px 70px 0px;}.elementor-319 .elementor-element.elementor-element-1d8ab2bb > .elementor-element-populated{margin:0px 5px 0px 5px;--e-column-margin-right:5px;--e-column-margin-left:5px;}.elementor-319 .elementor-element.elementor-element-70701c52 .elementor-heading-title{font-size:var( --e-global-typography-ec068b8-font-size );line-height:var( --e-global-typography-ec068b8-line-height );letter-spacing:var( --e-global-typography-ec068b8-letter-spacing );word-spacing:var( --e-global-typography-ec068b8-word-spacing );}.elementor-319 .elementor-element.elementor-element-c637994{padding:50px 5px 50px 5px;}.elementor-319 .elementor-element.elementor-element-de794a5.elementor-column > .elementor-widget-wrap{justify-content:flex-start;}.elementor-319 .elementor-element.elementor-element-de794a5 > .elementor-element-populated{margin:20px 0px 0px 0px;--e-column-margin-right:0px;--e-column-margin-left:0px;}.elementor-319 .elementor-element.elementor-element-aac2511 .elementor-posts-container .elementor-post__thumbnail{padding-bottom:calc( 0.5 * 100% );}.elementor-319 .elementor-element.elementor-element-aac2511:after{content:\"0.5\";}.elementor-319 .elementor-element.elementor-element-aac2511 a.elementor-post__read-more{font-size:var( --e-global-typography-346c7f3-font-size );line-height:var( --e-global-typography-346c7f3-line-height );letter-spacing:var( --e-global-typography-346c7f3-letter-spacing );word-spacing:var( --e-global-typography-346c7f3-word-spacing );}}<\/style>\t\t<div data-elementor-type=\"wp-page\" data-elementor-id=\"319\" class=\"elementor elementor-319\" data-elementor-post-type=\"page\">\n\t\t\t\t\t\t<section class=\"elementor-section elementor-top-section elementor-element elementor-element-612f8c4 elementor-section-boxed elementor-section-height-default elementor-section-height-default\" data-id=\"612f8c4\" data-element_type=\"section\" data-e-type=\"section\" data-settings=\"{&quot;background_background&quot;:&quot;classic&quot;}\">\n\t\t\t\t\t\t\t<div class=\"elementor-background-overlay\"><\/div>\n\t\t\t\t\t\t\t<div class=\"elementor-container elementor-column-gap-default\">\n\t\t\t\t\t<div class=\"elementor-column elementor-col-100 elementor-top-column elementor-element elementor-element-1d8ab2bb\" data-id=\"1d8ab2bb\" data-element_type=\"column\" data-e-type=\"column\">\n\t\t\t<div class=\"elementor-widget-wrap elementor-element-populated\">\n\t\t\t\t\t\t<div class=\"elementor-element elementor-element-70701c52 elementor-widget elementor-widget-heading\" data-id=\"70701c52\" data-element_type=\"widget\" data-e-type=\"widget\" data-widget_type=\"heading.default\">\n\t\t\t\t<div class=\"elementor-widget-container\">\n\t\t\t\t\t<h2 class=\"elementor-heading-title elementor-size-default\">Novinky<\/h2>\t\t\t\t<\/div>\n\t\t\t\t<\/div>\n\t\t\t\t\t<\/div>\n\t\t<\/div>\n\t\t\t\t\t<\/div>\n\t\t<\/section>\n\t\t\t\t<section class=\"elementor-section elementor-top-section elementor-element elementor-element-c637994 elementor-section-boxed elementor-section-height-default elementor-section-height-default\" data-id=\"c637994\" data-element_type=\"section\" data-e-type=\"section\" data-settings=\"{&quot;background_background&quot;:&quot;classic&quot;}\">\n\t\t\t\t\t\t<div class=\"elementor-container elementor-column-gap-default\">\n\t\t\t\t\t<div class=\"elementor-column elementor-col-100 elementor-top-column elementor-element elementor-element-8793a3d\" data-id=\"8793a3d\" data-element_type=\"column\" data-e-type=\"column\">\n\t\t\t<div class=\"elementor-widget-wrap elementor-element-populated\">\n\t\t\t\t\t\t<section class=\"elementor-section elementor-inner-section elementor-element elementor-element-ff91047 elementor-section-boxed elementor-section-height-default elementor-section-height-default\" data-id=\"ff91047\" data-element_type=\"section\" data-e-type=\"section\">\n\t\t\t\t\t\t<div class=\"elementor-container elementor-column-gap-no\">\n\t\t\t\t\t<div class=\"elementor-column elementor-col-100 elementor-inner-column elementor-element elementor-element-de794a5\" data-id=\"de794a5\" data-element_type=\"column\" data-e-type=\"column\">\n\t\t\t<div class=\"elementor-widget-wrap elementor-element-populated\">\n\t\t\t\t\t\t<div class=\"elementor-element elementor-element-aac2511 elementor-grid-3 elementor-grid-tablet-2 elementor-grid-mobile-1 elementor-posts--thumbnail-top elementor-card-shadow-yes elementor-posts__hover-gradient elementor-widget elementor-widget-posts\" data-id=\"aac2511\" data-element_type=\"widget\" data-e-type=\"widget\" data-settings=\"{&quot;cards_columns&quot;:&quot;3&quot;,&quot;cards_columns_tablet&quot;:&quot;2&quot;,&quot;cards_columns_mobile&quot;:&quot;1&quot;,&quot;cards_row_gap&quot;:{&quot;unit&quot;:&quot;px&quot;,&quot;size&quot;:35,&quot;sizes&quot;:[]},&quot;cards_row_gap_tablet&quot;:{&quot;unit&quot;:&quot;px&quot;,&quot;size&quot;:&quot;&quot;,&quot;sizes&quot;:[]},&quot;cards_row_gap_mobile&quot;:{&quot;unit&quot;:&quot;px&quot;,&quot;size&quot;:&quot;&quot;,&quot;sizes&quot;:[]}}\" data-widget_type=\"posts.cards\">\n\t\t\t\t<div class=\"elementor-widget-container\">\n\t\t\t\t\t\t\t<div class=\"elementor-posts-container elementor-posts elementor-posts--skin-cards elementor-grid\" role=\"list\">\n\t\t\t\t<article class=\"elementor-post elementor-grid-item post-957 post type-post status-publish format-standard has-post-thumbnail hentry category-uncategorized\" role=\"listitem\">\n\t\t\t<div class=\"elementor-post__card\">\n\t\t\t\t<a class=\"elementor-post__thumbnail__link\" href=\"https:\/\/sancepro.cz\/index.php\/2026\/04\/13\/opet-jsme-u-toho\/\" tabindex=\"-1\" ><div class=\"elementor-post__thumbnail\"><img fetchpriority=\"high\" decoding=\"async\" width=\"300\" height=\"225\" src=\"https:\/\/sancepro.cz\/wp-content\/uploads\/2026\/04\/20260413_073646-300x225.jpg\" class=\"attachment-medium size-medium wp-image-958\" alt=\"\" srcset=\"https:\/\/sancepro.cz\/wp-content\/uploads\/2026\/04\/20260413_073646-300x225.jpg 300w, https:\/\/sancepro.cz\/wp-content\/uploads\/2026\/04\/20260413_073646-1024x768.jpg 1024w, https:\/\/sancepro.cz\/wp-content\/uploads\/2026\/04\/20260413_073646-768x576.jpg 768w, https:\/\/sancepro.cz\/wp-content\/uploads\/2026\/04\/20260413_073646-1536x1152.jpg 1536w, https:\/\/sancepro.cz\/wp-content\/uploads\/2026\/04\/20260413_073646-rotated.jpg 2000w\" sizes=\"(max-width: 300px) 100vw, 300px\" \/><\/div><\/a>\n\t\t\t\t<div class=\"elementor-post__text\">\n\t\t\t\t<h3 class=\"elementor-post__title\">\n\t\t\t<a href=\"https:\/\/sancepro.cz\/index.php\/2026\/04\/13\/opet-jsme-u-toho\/\" >\n\t\t\t\tOp\u011bt jsme u toho.\t\t\t<\/a>\n\t\t<\/h3>\n\t\t\t\t<div class=\"elementor-post__excerpt\">\n\t\t\t<p>\u0160ANCE PRO se i letos p\u0159ipojila k zah\u00e1jen\u00ed 11. ro\u010dn\u00edku Yellow Ribbon Run, kter\u00e9 se uskute\u010dnilo 25. b\u0159ezna 2026 ve V\u011bznici He\u0159manice. Jsme r\u00e1di, \u017ee<\/p>\n\t\t<\/div>\n\t\t\n\t\t<a class=\"elementor-post__read-more\" href=\"https:\/\/sancepro.cz\/index.php\/2026\/04\/13\/opet-jsme-u-toho\/\" aria-label=\"Read more about Op\u011bt jsme u toho.\" tabindex=\"-1\" >\n\t\t\tP\u0159e\u010d\u00edst v\u00edce\t\t<\/a>\n\n\t\t\t\t<\/div>\n\t\t\t\t<div class=\"elementor-post__meta-data\">\n\t\t\t\t\t<span class=\"elementor-post-date\">\n\t\t\t13 dubna, 2026\t\t<\/span>\n\t\t\t\t<\/div>\n\t\t\t\t\t<\/div>\n\t\t<\/article>\n\t\t\t\t<article class=\"elementor-post elementor-grid-item post-900 post type-post status-publish format-standard has-post-thumbnail hentry category-uncategorized\" role=\"listitem\">\n\t\t\t<div class=\"elementor-post__card\">\n\t\t\t\t<a class=\"elementor-post__thumbnail__link\" href=\"https:\/\/sancepro.cz\/index.php\/2025\/06\/17\/bezime-pro-druhou-sanci-a-giga-na-yellow-ribbon-run-2025\/\" tabindex=\"-1\" ><div class=\"elementor-post__thumbnail\"><img decoding=\"async\" width=\"300\" height=\"225\" src=\"https:\/\/sancepro.cz\/wp-content\/uploads\/2025\/07\/WhatsApp-Image-2025-06-16-at-15.41.38-300x225.jpeg\" class=\"attachment-medium size-medium wp-image-901\" alt=\"\" srcset=\"https:\/\/sancepro.cz\/wp-content\/uploads\/2025\/07\/WhatsApp-Image-2025-06-16-at-15.41.38-300x225.jpeg 300w, https:\/\/sancepro.cz\/wp-content\/uploads\/2025\/07\/WhatsApp-Image-2025-06-16-at-15.41.38-1024x768.jpeg 1024w, https:\/\/sancepro.cz\/wp-content\/uploads\/2025\/07\/WhatsApp-Image-2025-06-16-at-15.41.38-768x576.jpeg 768w, https:\/\/sancepro.cz\/wp-content\/uploads\/2025\/07\/WhatsApp-Image-2025-06-16-at-15.41.38-1536x1152.jpeg 1536w, https:\/\/sancepro.cz\/wp-content\/uploads\/2025\/07\/WhatsApp-Image-2025-06-16-at-15.41.38.jpeg 1600w\" sizes=\"(max-width: 300px) 100vw, 300px\" \/><\/div><\/a>\n\t\t\t\t<div class=\"elementor-post__text\">\n\t\t\t\t<h3 class=\"elementor-post__title\">\n\t\t\t<a href=\"https:\/\/sancepro.cz\/index.php\/2025\/06\/17\/bezime-pro-druhou-sanci-a-giga-na-yellow-ribbon-run-2025\/\" >\n\t\t\t\tB\u011b\u017e\u00edme pro druhou \u0161anci \u2013 A-GIGA na Yellow Ribbon Run 2025\t\t\t<\/a>\n\t\t<\/h3>\n\t\t\t\t<div class=\"elementor-post__excerpt\">\n\t\t\t<p>Spole\u010dn\u011b s firmou A-GIGA jsme letos op\u011bt podpo\u0159ili Yellow Ribbon Czech, tentokr\u00e1t u\u017e 10. ro\u010dn\u00edk tohoto v\u00fdjime\u010dn\u00e9ho z\u00e1vodu na podporu reintegrace lid\u00ed po v\u00fdkonu trestu.<\/p>\n\t\t<\/div>\n\t\t\n\t\t<a class=\"elementor-post__read-more\" href=\"https:\/\/sancepro.cz\/index.php\/2025\/06\/17\/bezime-pro-druhou-sanci-a-giga-na-yellow-ribbon-run-2025\/\" aria-label=\"Read more about B\u011b\u017e\u00edme pro druhou \u0161anci \u2013 A-GIGA na Yellow Ribbon Run 2025\" tabindex=\"-1\" >\n\t\t\tP\u0159e\u010d\u00edst v\u00edce\t\t<\/a>\n\n\t\t\t\t<\/div>\n\t\t\t\t<div class=\"elementor-post__meta-data\">\n\t\t\t\t\t<span class=\"elementor-post-date\">\n\t\t\t17 \u010dervna, 2025\t\t<\/span>\n\t\t\t\t<\/div>\n\t\t\t\t\t<\/div>\n\t\t<\/article>\n\t\t\t\t<article class=\"elementor-post elementor-grid-item post-867 post type-post status-publish format-standard has-post-thumbnail hentry category-uncategorized\" role=\"listitem\">\n\t\t\t<div class=\"elementor-post__card\">\n\t\t\t\t<a class=\"elementor-post__thumbnail__link\" href=\"https:\/\/sancepro.cz\/index.php\/2025\/06\/02\/byznys-ktery-ma-srdce-a-giga-a-podpora-yellow-ribbon-run-2025\/\" tabindex=\"-1\" ><div class=\"elementor-post__thumbnail\"><img decoding=\"async\" width=\"169\" height=\"300\" src=\"https:\/\/sancepro.cz\/wp-content\/uploads\/2025\/06\/IMG-20250520-WA0026-169x300.jpg\" class=\"attachment-medium size-medium wp-image-863\" alt=\"\" srcset=\"https:\/\/sancepro.cz\/wp-content\/uploads\/2025\/06\/IMG-20250520-WA0026-169x300.jpg 169w, https:\/\/sancepro.cz\/wp-content\/uploads\/2025\/06\/IMG-20250520-WA0026-577x1024.jpg 577w, https:\/\/sancepro.cz\/wp-content\/uploads\/2025\/06\/IMG-20250520-WA0026-768x1364.jpg 768w, https:\/\/sancepro.cz\/wp-content\/uploads\/2025\/06\/IMG-20250520-WA0026-865x1536.jpg 865w, https:\/\/sancepro.cz\/wp-content\/uploads\/2025\/06\/IMG-20250520-WA0026.jpg 1126w\" sizes=\"(max-width: 169px) 100vw, 169px\" \/><\/div><\/a>\n\t\t\t\t<div class=\"elementor-post__text\">\n\t\t\t\t<h3 class=\"elementor-post__title\">\n\t\t\t<a href=\"https:\/\/sancepro.cz\/index.php\/2025\/06\/02\/byznys-ktery-ma-srdce-a-giga-a-podpora-yellow-ribbon-run-2025\/\" >\n\t\t\t\tByznys, kter\u00fd m\u00e1 srdce: A-GIGA a podpora Yellow Ribbon Run 2025\t\t\t<\/a>\n\t\t<\/h3>\n\t\t\t\t<div class=\"elementor-post__excerpt\">\n\t\t\t<p>Na v\u010derej\u0161\u00ed tiskov\u00e9 konferenci k jubilejn\u00edmu 10. ro\u010dn\u00edku Yellow Ribbon Run 2025 vystoupila na\u0161e zakladatelka s t\u00e9matem, kter\u00e9 je n\u00e1m v A-GIGA velmi bl\u00edzk\u00e9 \u2013<\/p>\n\t\t<\/div>\n\t\t\n\t\t<a class=\"elementor-post__read-more\" href=\"https:\/\/sancepro.cz\/index.php\/2025\/06\/02\/byznys-ktery-ma-srdce-a-giga-a-podpora-yellow-ribbon-run-2025\/\" aria-label=\"Read more about Byznys, kter\u00fd m\u00e1 srdce: A-GIGA a podpora Yellow Ribbon Run 2025\" tabindex=\"-1\" >\n\t\t\tP\u0159e\u010d\u00edst v\u00edce\t\t<\/a>\n\n\t\t\t\t<\/div>\n\t\t\t\t<div class=\"elementor-post__meta-data\">\n\t\t\t\t\t<span class=\"elementor-post-date\">\n\t\t\t2 \u010dervna, 2025\t\t<\/span>\n\t\t\t\t<\/div>\n\t\t\t\t\t<\/div>\n\t\t<\/article>\n\t\t\t\t<article class=\"elementor-post elementor-grid-item post-847 post type-post status-publish format-standard has-post-thumbnail hentry category-uncategorized\" role=\"listitem\">\n\t\t\t<div class=\"elementor-post__card\">\n\t\t\t\t<a class=\"elementor-post__thumbnail__link\" href=\"https:\/\/sancepro.cz\/index.php\/2025\/02\/17\/nas-partner-spolecnost-a-giga-vyhrala-prestizni-cenu-diversity-award-of-nordic-chamber-of-commerce\/\" tabindex=\"-1\" ><div class=\"elementor-post__thumbnail\"><img loading=\"lazy\" decoding=\"async\" width=\"300\" height=\"200\" src=\"https:\/\/sancepro.cz\/wp-content\/uploads\/2025\/02\/D_Awards-1011-300x200.jpg\" class=\"attachment-medium size-medium wp-image-848\" alt=\"\" srcset=\"https:\/\/sancepro.cz\/wp-content\/uploads\/2025\/02\/D_Awards-1011-300x200.jpg 300w, https:\/\/sancepro.cz\/wp-content\/uploads\/2025\/02\/D_Awards-1011-1024x683.jpg 1024w, https:\/\/sancepro.cz\/wp-content\/uploads\/2025\/02\/D_Awards-1011-768x512.jpg 768w, https:\/\/sancepro.cz\/wp-content\/uploads\/2025\/02\/D_Awards-1011-1536x1024.jpg 1536w, https:\/\/sancepro.cz\/wp-content\/uploads\/2025\/02\/D_Awards-1011-2048x1366.jpg 2048w\" sizes=\"(max-width: 300px) 100vw, 300px\" \/><\/div><\/a>\n\t\t\t\t<div class=\"elementor-post__text\">\n\t\t\t\t<h3 class=\"elementor-post__title\">\n\t\t\t<a href=\"https:\/\/sancepro.cz\/index.php\/2025\/02\/17\/nas-partner-spolecnost-a-giga-vyhrala-prestizni-cenu-diversity-award-of-nordic-chamber-of-commerce\/\" >\n\t\t\t\tN\u00e1\u0161 partner spole\u010dnost A-GIGA vyhr\u00e1la presti\u017en\u00ed cenu Diversity Award of Nordic Chamber of Commerce.\t\t\t<\/a>\n\t\t<\/h3>\n\t\t\t\t<div class=\"elementor-post__excerpt\">\n\t\t\t<p>Jsme hrd\u00ed, \u017ee na\u0161e partnersk\u00e1 spole\u010dnost A-GIGA z\u00edskala presti\u017en\u00ed cenu \u2013 Diversity Award od Nordic Chamber of Commerce, kter\u00e1 sdru\u017euje firmy z p\u011bti skandin\u00e1vsk\u00fdch zem\u00ed.<\/p>\n\t\t<\/div>\n\t\t\n\t\t<a class=\"elementor-post__read-more\" href=\"https:\/\/sancepro.cz\/index.php\/2025\/02\/17\/nas-partner-spolecnost-a-giga-vyhrala-prestizni-cenu-diversity-award-of-nordic-chamber-of-commerce\/\" aria-label=\"Read more about N\u00e1\u0161 partner spole\u010dnost A-GIGA vyhr\u00e1la presti\u017en\u00ed cenu Diversity Award of Nordic Chamber of Commerce.\" tabindex=\"-1\" >\n\t\t\tP\u0159e\u010d\u00edst v\u00edce\t\t<\/a>\n\n\t\t\t\t<\/div>\n\t\t\t\t<div class=\"elementor-post__meta-data\">\n\t\t\t\t\t<span class=\"elementor-post-date\">\n\t\t\t17 \u00fanora, 2025\t\t<\/span>\n\t\t\t\t<\/div>\n\t\t\t\t\t<\/div>\n\t\t<\/article>\n\t\t\t\t<article class=\"elementor-post elementor-grid-item post-797 post type-post status-publish format-standard has-post-thumbnail hentry category-pisi-o-nas category-sance-p-r-o tag-udrzitelnost\" role=\"listitem\">\n\t\t\t<div class=\"elementor-post__card\">\n\t\t\t\t<a class=\"elementor-post__thumbnail__link\" href=\"https:\/\/sancepro.cz\/index.php\/2024\/04\/19\/rozhovor-pro-taudrzitelnost\/\" tabindex=\"-1\" ><div class=\"elementor-post__thumbnail\"><img loading=\"lazy\" decoding=\"async\" width=\"300\" height=\"225\" src=\"https:\/\/sancepro.cz\/wp-content\/uploads\/2024\/04\/FOTO-VERKA-IMG_20190503_114601-1-300x225.jpg\" class=\"attachment-medium size-medium wp-image-799\" alt=\"\" srcset=\"https:\/\/sancepro.cz\/wp-content\/uploads\/2024\/04\/FOTO-VERKA-IMG_20190503_114601-1-300x225.jpg 300w, https:\/\/sancepro.cz\/wp-content\/uploads\/2024\/04\/FOTO-VERKA-IMG_20190503_114601-1-1024x768.jpg 1024w, https:\/\/sancepro.cz\/wp-content\/uploads\/2024\/04\/FOTO-VERKA-IMG_20190503_114601-1-768x576.jpg 768w, https:\/\/sancepro.cz\/wp-content\/uploads\/2024\/04\/FOTO-VERKA-IMG_20190503_114601-1-1536x1152.jpg 1536w, https:\/\/sancepro.cz\/wp-content\/uploads\/2024\/04\/FOTO-VERKA-IMG_20190503_114601-1-2048x1536.jpg 2048w\" sizes=\"(max-width: 300px) 100vw, 300px\" \/><\/div><\/a>\n\t\t\t\t<div class=\"elementor-post__text\">\n\t\t\t\t<h3 class=\"elementor-post__title\">\n\t\t\t<a href=\"https:\/\/sancepro.cz\/index.php\/2024\/04\/19\/rozhovor-pro-taudrzitelnost\/\" >\n\t\t\t\tRozhovor pro [ta]Udr\u017eitelnost\u00a0\t\t\t<\/a>\n\t\t<\/h3>\n\t\t\t\t<div class=\"elementor-post__excerpt\">\n\t\t\t<p>Jak se n\u00e1m da\u0159\u00ed sni\u017eovat recidivu v \u010desk\u00fdch v\u011bznic\u00edch \u201eCelost\u00e1tn\u00ed recidiva se pohybuje kolem 70 procent, co\u017e je jedno z\u00a0nejvy\u0161\u0161\u00edch \u010d\u00edsel v\u00a0Evrop\u011b. U n\u00e1mi doprov\u00e1zen\u00fdch<\/p>\n\t\t<\/div>\n\t\t\n\t\t<a class=\"elementor-post__read-more\" href=\"https:\/\/sancepro.cz\/index.php\/2024\/04\/19\/rozhovor-pro-taudrzitelnost\/\" aria-label=\"Read more about Rozhovor pro [ta]Udr\u017eitelnost\u00a0\" tabindex=\"-1\" >\n\t\t\tP\u0159e\u010d\u00edst v\u00edce\t\t<\/a>\n\n\t\t\t\t<\/div>\n\t\t\t\t<div class=\"elementor-post__meta-data\">\n\t\t\t\t\t<span class=\"elementor-post-date\">\n\t\t\t19 dubna, 2024\t\t<\/span>\n\t\t\t\t<\/div>\n\t\t\t\t\t<\/div>\n\t\t<\/article>\n\t\t\t\t<article class=\"elementor-post elementor-grid-item post-789 post type-post status-publish format-standard has-post-thumbnail hentry category-uncategorized\" role=\"listitem\">\n\t\t\t<div class=\"elementor-post__card\">\n\t\t\t\t<a class=\"elementor-post__thumbnail__link\" href=\"https:\/\/sancepro.cz\/index.php\/2024\/03\/07\/prezident-republiky-petr-pavel-navstivil-ve-veznici-vinarice-call-centrum-firmy-a-giga\/\" tabindex=\"-1\" ><div class=\"elementor-post__thumbnail\"><img loading=\"lazy\" decoding=\"async\" width=\"300\" height=\"200\" src=\"https:\/\/sancepro.cz\/wp-content\/uploads\/2024\/03\/prezident2-300x200.jpg\" class=\"attachment-medium size-medium wp-image-790\" alt=\"\" srcset=\"https:\/\/sancepro.cz\/wp-content\/uploads\/2024\/03\/prezident2-300x200.jpg 300w, https:\/\/sancepro.cz\/wp-content\/uploads\/2024\/03\/prezident2-1024x682.jpg 1024w, https:\/\/sancepro.cz\/wp-content\/uploads\/2024\/03\/prezident2-768x512.jpg 768w, https:\/\/sancepro.cz\/wp-content\/uploads\/2024\/03\/prezident2-1536x1023.jpg 1536w, https:\/\/sancepro.cz\/wp-content\/uploads\/2024\/03\/prezident2.jpg 1600w\" sizes=\"(max-width: 300px) 100vw, 300px\" \/><\/div><\/a>\n\t\t\t\t<div class=\"elementor-post__text\">\n\t\t\t\t<h3 class=\"elementor-post__title\">\n\t\t\t<a href=\"https:\/\/sancepro.cz\/index.php\/2024\/03\/07\/prezident-republiky-petr-pavel-navstivil-ve-veznici-vinarice-call-centrum-firmy-a-giga\/\" >\n\t\t\t\tPREZIDENT REPUBLIKY PETR PAVEL NAV\u0160T\u00cdVIL VE V\u011aZNICI VINA\u0158ICE CALL CENTRUM FIRMY A-GIGA!\t\t\t<\/a>\n\t\t<\/h3>\n\t\t\t\t<div class=\"elementor-post__excerpt\">\n\t\t\t<p>V\u00e1\u017e\u00edme si toho, \u017ee na\u0161e call centrum ve Vina\u0159ic\u00edch nav\u0161t\u00edvil pan prezident Petr Pavel! D\u011bkujeme za jeho podporu. O to v\u00edce n\u00e1s t\u011b\u0161\u00ed koment\u00e1\u0159 pana<\/p>\n\t\t<\/div>\n\t\t\n\t\t<a class=\"elementor-post__read-more\" href=\"https:\/\/sancepro.cz\/index.php\/2024\/03\/07\/prezident-republiky-petr-pavel-navstivil-ve-veznici-vinarice-call-centrum-firmy-a-giga\/\" aria-label=\"Read more about PREZIDENT REPUBLIKY PETR PAVEL NAV\u0160T\u00cdVIL VE V\u011aZNICI VINA\u0158ICE CALL CENTRUM FIRMY A-GIGA!\" tabindex=\"-1\" >\n\t\t\tP\u0159e\u010d\u00edst v\u00edce\t\t<\/a>\n\n\t\t\t\t<\/div>\n\t\t\t\t<div class=\"elementor-post__meta-data\">\n\t\t\t\t\t<span class=\"elementor-post-date\">\n\t\t\t7 b\u0159ezna, 2024\t\t<\/span>\n\t\t\t\t<\/div>\n\t\t\t\t\t<\/div>\n\t\t<\/article>\n\t\t\t\t<article class=\"elementor-post elementor-grid-item post-752 post type-post status-publish format-standard has-post-thumbnail hentry category-uncategorized\" role=\"listitem\">\n\t\t\t<div class=\"elementor-post__card\">\n\t\t\t\t<a class=\"elementor-post__thumbnail__link\" href=\"https:\/\/sancepro.cz\/index.php\/2023\/11\/13\/kulaty-stul-yellow-ribbon-growing-european-together\/\" tabindex=\"-1\" ><div class=\"elementor-post__thumbnail\"><img loading=\"lazy\" decoding=\"async\" width=\"300\" height=\"150\" src=\"https:\/\/sancepro.cz\/wp-content\/uploads\/2023\/11\/image006-300x150.png\" class=\"attachment-medium size-medium wp-image-753\" alt=\"\" srcset=\"https:\/\/sancepro.cz\/wp-content\/uploads\/2023\/11\/image006-300x150.png 300w, https:\/\/sancepro.cz\/wp-content\/uploads\/2023\/11\/image006-768x383.png 768w, https:\/\/sancepro.cz\/wp-content\/uploads\/2023\/11\/image006.png 946w\" sizes=\"(max-width: 300px) 100vw, 300px\" \/><\/div><\/a>\n\t\t\t\t<div class=\"elementor-post__text\">\n\t\t\t\t<h3 class=\"elementor-post__title\">\n\t\t\t<a href=\"https:\/\/sancepro.cz\/index.php\/2023\/11\/13\/kulaty-stul-yellow-ribbon-growing-european-together\/\" >\n\t\t\t\tKulat\u00fd st\u016fl: Yellow Ribbon \u2013 Growing European Together\t\t\t<\/a>\n\t\t<\/h3>\n\t\t\t\t<div class=\"elementor-post__excerpt\">\n\t\t\t<p>Ve dnech 1. &#8211; 3. listopadu 2023 se v Praze se\u0161li z\u00e1stupci evropsk\u00e9ho v\u011bze\u0148stv\u00ed a probace se z\u00e1stupci V\u011bze\u0148sk\u00e9 slu\u017eby \u010cR, Proba\u010dn\u00ed a media\u010dn\u00ed slu\u017eby<\/p>\n\t\t<\/div>\n\t\t\n\t\t<a class=\"elementor-post__read-more\" href=\"https:\/\/sancepro.cz\/index.php\/2023\/11\/13\/kulaty-stul-yellow-ribbon-growing-european-together\/\" aria-label=\"Read more about Kulat\u00fd st\u016fl: Yellow Ribbon \u2013 Growing European Together\" tabindex=\"-1\" >\n\t\t\tP\u0159e\u010d\u00edst v\u00edce\t\t<\/a>\n\n\t\t\t\t<\/div>\n\t\t\t\t<div class=\"elementor-post__meta-data\">\n\t\t\t\t\t<span class=\"elementor-post-date\">\n\t\t\t13 listopadu, 2023\t\t<\/span>\n\t\t\t\t<\/div>\n\t\t\t\t\t<\/div>\n\t\t<\/article>\n\t\t\t\t<article class=\"elementor-post elementor-grid-item post-763 post type-post status-publish format-standard has-post-thumbnail hentry category-uncategorized\" role=\"listitem\">\n\t\t\t<div class=\"elementor-post__card\">\n\t\t\t\t<a class=\"elementor-post__thumbnail__link\" href=\"https:\/\/sancepro.cz\/index.php\/2023\/10\/06\/klub-uspesnych-aneb-priklady-tahnou\/\" tabindex=\"-1\" ><div class=\"elementor-post__thumbnail\"><img loading=\"lazy\" decoding=\"async\" width=\"300\" height=\"225\" src=\"https:\/\/sancepro.cz\/wp-content\/uploads\/2023\/11\/DSCF2605-300x225.jpg\" class=\"attachment-medium size-medium wp-image-764\" alt=\"\" srcset=\"https:\/\/sancepro.cz\/wp-content\/uploads\/2023\/11\/DSCF2605-300x225.jpg 300w, https:\/\/sancepro.cz\/wp-content\/uploads\/2023\/11\/DSCF2605-768x576.jpg 768w, https:\/\/sancepro.cz\/wp-content\/uploads\/2023\/11\/DSCF2605.jpg 1024w\" sizes=\"(max-width: 300px) 100vw, 300px\" \/><\/div><\/a>\n\t\t\t\t<div class=\"elementor-post__text\">\n\t\t\t\t<h3 class=\"elementor-post__title\">\n\t\t\t<a href=\"https:\/\/sancepro.cz\/index.php\/2023\/10\/06\/klub-uspesnych-aneb-priklady-tahnou\/\" >\n\t\t\t\tKLUB \u00daSP\u011a\u0160N\u00ddCH aneb P\u0158\u00cdKLADY T\u00c1HNOU !\t\t\t<\/a>\n\t\t<\/h3>\n\t\t\t\t<div class=\"elementor-post__excerpt\">\n\t\t\t<p>Spole\u010dnost A-GIGA \u0159e\u0161\u00ed ji\u017e v\u00edce ne\u017e 13 let sv\u00fdm podnik\u00e1n\u00edm sou\u010dasn\u011b velk\u00fd soci\u00e1ln\u00ed probl\u00e9m.&nbsp; Firma provozuje ve v\u011bznic\u00edch call centra a d\u00e1v\u00e1 tak pr\u00e1ci velk\u00e9mu<\/p>\n\t\t<\/div>\n\t\t\n\t\t<a class=\"elementor-post__read-more\" href=\"https:\/\/sancepro.cz\/index.php\/2023\/10\/06\/klub-uspesnych-aneb-priklady-tahnou\/\" aria-label=\"Read more about KLUB \u00daSP\u011a\u0160N\u00ddCH aneb P\u0158\u00cdKLADY T\u00c1HNOU !\" tabindex=\"-1\" >\n\t\t\tP\u0159e\u010d\u00edst v\u00edce\t\t<\/a>\n\n\t\t\t\t<\/div>\n\t\t\t\t<div class=\"elementor-post__meta-data\">\n\t\t\t\t\t<span class=\"elementor-post-date\">\n\t\t\t6 \u0159\u00edjna, 2023\t\t<\/span>\n\t\t\t\t<\/div>\n\t\t\t\t\t<\/div>\n\t\t<\/article>\n\t\t\t\t<article class=\"elementor-post elementor-grid-item post-627 post type-post status-publish format-standard has-post-thumbnail hentry category-uncategorized\" role=\"listitem\">\n\t\t\t<div class=\"elementor-post__card\">\n\t\t\t\t<a class=\"elementor-post__thumbnail__link\" href=\"https:\/\/sancepro.cz\/index.php\/2023\/09\/08\/bez-prace-nejsou-kolace\/\" tabindex=\"-1\" ><div class=\"elementor-post__thumbnail\"><img loading=\"lazy\" decoding=\"async\" width=\"300\" height=\"122\" src=\"https:\/\/sancepro.cz\/wp-content\/uploads\/2023\/09\/Bez-nazvu-1sps-300x122.png\" class=\"attachment-medium size-medium wp-image-787\" alt=\"\" srcset=\"https:\/\/sancepro.cz\/wp-content\/uploads\/2023\/09\/Bez-nazvu-1sps-300x122.png 300w, https:\/\/sancepro.cz\/wp-content\/uploads\/2023\/09\/Bez-nazvu-1sps-768x313.png 768w, https:\/\/sancepro.cz\/wp-content\/uploads\/2023\/09\/Bez-nazvu-1sps.png 904w\" sizes=\"(max-width: 300px) 100vw, 300px\" \/><\/div><\/a>\n\t\t\t\t<div class=\"elementor-post__text\">\n\t\t\t\t<h3 class=\"elementor-post__title\">\n\t\t\t<a href=\"https:\/\/sancepro.cz\/index.php\/2023\/09\/08\/bez-prace-nejsou-kolace\/\" >\n\t\t\t\tBez pr\u00e1ce nejsou kol\u00e1\u010de\t\t\t<\/a>\n\t\t<\/h3>\n\t\t\t\t<div class=\"elementor-post__excerpt\">\n\t\t\t<p>Projekt Bez pr\u00e1ce nejsou kol\u00e1\u010de, je dal\u0161\u00ed z \u0159ady \u00fasp\u011b\u0161n\u00fdch projekt\u016f \u0160ANCE P.R.O., kter\u00fd se zam\u011b\u0159uje na osoby ve v\u00fdkonu trestu odn\u011bt\u00ed svobody (VTOS) ve<\/p>\n\t\t<\/div>\n\t\t\n\t\t<a class=\"elementor-post__read-more\" href=\"https:\/\/sancepro.cz\/index.php\/2023\/09\/08\/bez-prace-nejsou-kolace\/\" aria-label=\"Read more about Bez pr\u00e1ce nejsou kol\u00e1\u010de\" tabindex=\"-1\" >\n\t\t\tP\u0159e\u010d\u00edst v\u00edce\t\t<\/a>\n\n\t\t\t\t<\/div>\n\t\t\t\t<div class=\"elementor-post__meta-data\">\n\t\t\t\t\t<span class=\"elementor-post-date\">\n\t\t\t8 z\u00e1\u0159\u00ed, 2023\t\t<\/span>\n\t\t\t\t<\/div>\n\t\t\t\t\t<\/div>\n\t\t<\/article>\n\t\t\t\t<article class=\"elementor-post elementor-grid-item post-450 post type-post status-publish format-standard hentry category-uncategorized\" role=\"listitem\">\n\t\t\t<div class=\"elementor-post__card\">\n\t\t\t\t<div class=\"elementor-post__text\">\n\t\t\t\t<h3 class=\"elementor-post__title\">\n\t\t\t<a href=\"https:\/\/sancepro.cz\/index.php\/2023\/02\/23\/sance-pro-partnerem-behu-yellow-ribbon-run-yrr\/\" >\n\t\t\t\t\u0160ANCE PRO partnerem b\u011bhu Yellow Ribbon Run (YRR)\t\t\t<\/a>\n\t\t<\/h3>\n\t\t\t\t<div class=\"elementor-post__excerpt\">\n\t\t\t<p>Z\u00fa\u010dastnili jsme se registrace a tr\u00e9ninku k 6.ro\u010dn\u00edku b\u011bhu se \u017elutou stu\u017ekou. Osv\u011btov\u00fd b\u011bh Yellow Ribbon Run (YRR) na podporu integrace lid\u00ed po v\u00fdkonu trestu<\/p>\n\t\t<\/div>\n\t\t\n\t\t<a class=\"elementor-post__read-more\" href=\"https:\/\/sancepro.cz\/index.php\/2023\/02\/23\/sance-pro-partnerem-behu-yellow-ribbon-run-yrr\/\" aria-label=\"Read more about \u0160ANCE PRO partnerem b\u011bhu Yellow Ribbon Run (YRR)\" tabindex=\"-1\" >\n\t\t\tP\u0159e\u010d\u00edst v\u00edce\t\t<\/a>\n\n\t\t\t\t<\/div>\n\t\t\t\t<div class=\"elementor-post__meta-data\">\n\t\t\t\t\t<span class=\"elementor-post-date\">\n\t\t\t23 \u00fanora, 2023\t\t<\/span>\n\t\t\t\t<\/div>\n\t\t\t\t\t<\/div>\n\t\t<\/article>\n\t\t\t\t<article class=\"elementor-post elementor-grid-item post-209 post type-post status-publish format-standard hentry category-uncategorized\" role=\"listitem\">\n\t\t\t<div class=\"elementor-post__card\">\n\t\t\t\t<div class=\"elementor-post__text\">\n\t\t\t\t<h3 class=\"elementor-post__title\">\n\t\t\t<a href=\"https:\/\/sancepro.cz\/index.php\/2022\/11\/07\/uzavreli-jsme-projekt-sousede-83\/\" >\n\t\t\t\tUzav\u0159eli jsme projekt \u201eSoused\u00e9 83\u201c\t\t\t<\/a>\n\t\t<\/h3>\n\t\t\t\t<div class=\"elementor-post__excerpt\">\n\t\t\t<p>Pod z\u00e1\u0161titou Evropsk\u00e9ho soci\u00e1ln\u00edho fondu \u010cesk\u00e9 republiky byl v roce 2020 spu\u0161t\u011bn projekt s n\u00e1zvem Soused\u00e9 83, kter\u00fd se zam\u011b\u0159oval na zlep\u0161en\u00ed kvality na\u0161\u00ed slu\u017eby<\/p>\n\t\t<\/div>\n\t\t\n\t\t<a class=\"elementor-post__read-more\" href=\"https:\/\/sancepro.cz\/index.php\/2022\/11\/07\/uzavreli-jsme-projekt-sousede-83\/\" aria-label=\"Read more about Uzav\u0159eli jsme projekt \u201eSoused\u00e9 83\u201c\" tabindex=\"-1\" >\n\t\t\tP\u0159e\u010d\u00edst v\u00edce\t\t<\/a>\n\n\t\t\t\t<\/div>\n\t\t\t\t<div class=\"elementor-post__meta-data\">\n\t\t\t\t\t<span class=\"elementor-post-date\">\n\t\t\t7 listopadu, 2022\t\t<\/span>\n\t\t\t\t<\/div>\n\t\t\t\t\t<\/div>\n\t\t<\/article>\n\t\t\t\t<article class=\"elementor-post elementor-grid-item post-206 post type-post status-publish format-standard hentry category-uncategorized\" role=\"listitem\">\n\t\t\t<div class=\"elementor-post__card\">\n\t\t\t\t<div class=\"elementor-post__text\">\n\t\t\t\t<h3 class=\"elementor-post__title\">\n\t\t\t<a href=\"https:\/\/sancepro.cz\/index.php\/2022\/11\/07\/yellow-ribbon-run-2022\/\" >\n\t\t\t\tYellow Ribbon Run 2022\t\t\t<\/a>\n\t\t<\/h3>\n\t\t\t\t<div class=\"elementor-post__excerpt\">\n\t\t\t<p>Letos, ji\u017e posedm\u00e9, jsme se spole\u010dn\u011b postavili na start osv\u011btov\u00e9ho b\u011b\u017eeck\u00e9ho z\u00e1vodu Yellow Ribbon Run! Z\u00e1vod se konal 21. \u010dervna v Aktivn\u00edm lesoparku \u0158epy a<\/p>\n\t\t<\/div>\n\t\t\n\t\t<a class=\"elementor-post__read-more\" href=\"https:\/\/sancepro.cz\/index.php\/2022\/11\/07\/yellow-ribbon-run-2022\/\" aria-label=\"Read more about Yellow Ribbon Run 2022\" tabindex=\"-1\" >\n\t\t\tP\u0159e\u010d\u00edst v\u00edce\t\t<\/a>\n\n\t\t\t\t<\/div>\n\t\t\t\t<div class=\"elementor-post__meta-data\">\n\t\t\t\t\t<span class=\"elementor-post-date\">\n\t\t\t7 listopadu, 2022\t\t<\/span>\n\t\t\t\t<\/div>\n\t\t\t\t\t<\/div>\n\t\t<\/article>\n\t\t\t\t<article class=\"elementor-post elementor-grid-item post-1 post type-post status-publish format-standard hentry category-uncategorized\" role=\"listitem\">\n\t\t\t<div class=\"elementor-post__card\">\n\t\t\t\t<div class=\"elementor-post__text\">\n\t\t\t\t<h3 class=\"elementor-post__title\">\n\t\t\t<a href=\"https:\/\/sancepro.cz\/index.php\/2022\/11\/07\/hello-world\/\" >\n\t\t\t\tMemorandum o spolupr\u00e1ci\t\t\t<\/a>\n\t\t<\/h3>\n\t\t\t\t<div class=\"elementor-post__excerpt\">\n\t\t\t<p>Memorandum o vz\u00e1jemn\u00e9 spolupr\u00e1ci dnes podepsala V\u011bze\u0148sk\u00e1 slu\u017eba \u010cR spolu s Platformou Organizace pro pomoc odsouzen\u00fdm a propu\u0161t\u011bn\u00fdm (OPOP).&nbsp; Jako\u017eto \u010dlen platformy OPOP, u podpisu<\/p>\n\t\t<\/div>\n\t\t\n\t\t<a class=\"elementor-post__read-more\" href=\"https:\/\/sancepro.cz\/index.php\/2022\/11\/07\/hello-world\/\" aria-label=\"Read more about Memorandum o spolupr\u00e1ci\" tabindex=\"-1\" >\n\t\t\tP\u0159e\u010d\u00edst v\u00edce\t\t<\/a>\n\n\t\t\t\t<\/div>\n\t\t\t\t<div class=\"elementor-post__meta-data\">\n\t\t\t\t\t<span class=\"elementor-post-date\">\n\t\t\t7 listopadu, 2022\t\t<\/span>\n\t\t\t\t<\/div>\n\t\t\t\t\t<\/div>\n\t\t<\/article>\n\t\t\t\t<article class=\"elementor-post elementor-grid-item post-425 post type-post status-publish format-standard hentry category-uncategorized\" role=\"listitem\">\n\t\t\t<div class=\"elementor-post__card\">\n\t\t\t\t<div class=\"elementor-post__text\">\n\t\t\t\t<h3 class=\"elementor-post__title\">\n\t\t\t<a href=\"https:\/\/sancepro.cz\/index.php\/2021\/07\/02\/sance-p-r-o-je-clenem-opop\/\" >\n\t\t\t\t\u0160ance P.R.O. je \u010dlenem OPOP\t\t\t<\/a>\n\t\t<\/h3>\n\t\t\t\t<div class=\"elementor-post__excerpt\">\n\t\t\t<p>Platforma organizac\u00ed pom\u00e1haj\u00edc\u00edch odsouzen\u00fdm a propu\u0161t\u011bn\u00ed vznikla jako p\u0159irozen\u00e1 reakce na pot\u0159ebu neziskov\u00fdch organizac\u00ed, kter\u00e9 se cht\u011bly p\u0159i sv\u00e9 pr\u00e1ci nejen v \u010desk\u00fdch v\u011bznic\u00edch v\u00edce<\/p>\n\t\t<\/div>\n\t\t\n\t\t<a class=\"elementor-post__read-more\" href=\"https:\/\/sancepro.cz\/index.php\/2021\/07\/02\/sance-p-r-o-je-clenem-opop\/\" aria-label=\"Read more about \u0160ance P.R.O. je \u010dlenem OPOP\" tabindex=\"-1\" >\n\t\t\tP\u0159e\u010d\u00edst v\u00edce\t\t<\/a>\n\n\t\t\t\t<\/div>\n\t\t\t\t<div class=\"elementor-post__meta-data\">\n\t\t\t\t\t<span class=\"elementor-post-date\">\n\t\t\t2 \u010dervence, 2021\t\t<\/span>\n\t\t\t\t<\/div>\n\t\t\t\t\t<\/div>\n\t\t<\/article>\n\t\t\t\t<article class=\"elementor-post elementor-grid-item post-419 post type-post status-publish format-standard hentry category-uncategorized\" role=\"listitem\">\n\t\t\t<div class=\"elementor-post__card\">\n\t\t\t\t<div class=\"elementor-post__text\">\n\t\t\t\t<h3 class=\"elementor-post__title\">\n\t\t\t<a href=\"https:\/\/sancepro.cz\/index.php\/2021\/04\/09\/human-learning-systems\/\" >\n\t\t\t\tHuman Learning Systems\t\t\t<\/a>\n\t\t<\/h3>\n\t\t\t\t<div class=\"elementor-post__excerpt\">\n\t\t\t<p>P\u0159\u00edb\u011bh z jara 2020 o na\u0161\u00ed reakci na pandemii Covid-19 byl publikov\u00e1n jako&nbsp;p\u0159\u00edpadov\u00e1 studie v r\u00e1mci projektu Human Learning Systems. Human Learning Systems&nbsp;je otev\u0159en\u00e1 platforma<\/p>\n\t\t<\/div>\n\t\t\n\t\t<a class=\"elementor-post__read-more\" href=\"https:\/\/sancepro.cz\/index.php\/2021\/04\/09\/human-learning-systems\/\" aria-label=\"Read more about Human Learning Systems\" tabindex=\"-1\" >\n\t\t\tP\u0159e\u010d\u00edst v\u00edce\t\t<\/a>\n\n\t\t\t\t<\/div>\n\t\t\t\t<div class=\"elementor-post__meta-data\">\n\t\t\t\t\t<span class=\"elementor-post-date\">\n\t\t\t9 dubna, 2021\t\t<\/span>\n\t\t\t\t<\/div>\n\t\t\t\t\t<\/div>\n\t\t<\/article>\n\t\t\t\t<article class=\"elementor-post elementor-grid-item post-417 post type-post status-publish format-standard hentry category-uncategorized\" role=\"listitem\">\n\t\t\t<div class=\"elementor-post__card\">\n\t\t\t\t<div class=\"elementor-post__text\">\n\t\t\t\t<h3 class=\"elementor-post__title\">\n\t\t\t<a href=\"https:\/\/sancepro.cz\/index.php\/2021\/03\/15\/kazdy-potrebuje-dobre-sousedy\/\" >\n\t\t\t\tKa\u017ed\u00fd pot\u0159ebuje dobr\u00e9 sousedy\t\t\t<\/a>\n\t\t<\/h3>\n\t\t\t\t<div class=\"elementor-post__excerpt\">\n\t\t\t<p>\u010cesk\u00fd projekt \u201eSoused\u00e9 83\u201c pom\u00e1h\u00e1 b\u00fdval\u00fdm v\u011bz\u0148\u016fm nau\u010dit se nov\u00fdm dovednostem, naj\u00edt si pr\u00e1ci a tak\u00e9 st\u00e1t se \u201edobr\u00fdmi sousedy\u201c po propu\u0161t\u011bn\u00ed \u2013 poskytl tak\u00e9<\/p>\n\t\t<\/div>\n\t\t\n\t\t<a class=\"elementor-post__read-more\" href=\"https:\/\/sancepro.cz\/index.php\/2021\/03\/15\/kazdy-potrebuje-dobre-sousedy\/\" aria-label=\"Read more about Ka\u017ed\u00fd pot\u0159ebuje dobr\u00e9 sousedy\" tabindex=\"-1\" >\n\t\t\tP\u0159e\u010d\u00edst v\u00edce\t\t<\/a>\n\n\t\t\t\t<\/div>\n\t\t\t\t<div class=\"elementor-post__meta-data\">\n\t\t\t\t\t<span class=\"elementor-post-date\">\n\t\t\t15 b\u0159ezna, 2021\t\t<\/span>\n\t\t\t\t<\/div>\n\t\t\t\t\t<\/div>\n\t\t<\/article>\n\t\t\t\t<article class=\"elementor-post elementor-grid-item post-415 post type-post status-publish format-standard hentry category-uncategorized\" role=\"listitem\">\n\t\t\t<div class=\"elementor-post__card\">\n\t\t\t\t<div class=\"elementor-post__text\">\n\t\t\t\t<h3 class=\"elementor-post__title\">\n\t\t\t<a href=\"https:\/\/sancepro.cz\/index.php\/2020\/05\/27\/asociace-organizaci-v-oblasti-vezenstvi-aoov-je-on-line\/\" >\n\t\t\t\tAsociace organizac\u00ed v oblasti v\u011bze\u0148stv\u00ed (AOOV) je on line\t\t\t<\/a>\n\t\t<\/h3>\n\t\t\t\t<div class=\"elementor-post__excerpt\">\n\t\t\t<p>Informace o Asociaci a jej\u00ed \u010dinnosti m\u016f\u017eete sledovat prost\u0159ednictv\u00edm internetov\u00fdch str\u00e1nek https:\/\/aoov.cz\/.<\/p>\n\t\t<\/div>\n\t\t\n\t\t<a class=\"elementor-post__read-more\" href=\"https:\/\/sancepro.cz\/index.php\/2020\/05\/27\/asociace-organizaci-v-oblasti-vezenstvi-aoov-je-on-line\/\" aria-label=\"Read more about Asociace organizac\u00ed v oblasti v\u011bze\u0148stv\u00ed (AOOV) je on line\" tabindex=\"-1\" >\n\t\t\tP\u0159e\u010d\u00edst v\u00edce\t\t<\/a>\n\n\t\t\t\t<\/div>\n\t\t\t\t<div class=\"elementor-post__meta-data\">\n\t\t\t\t\t<span class=\"elementor-post-date\">\n\t\t\t27 kv\u011btna, 2020\t\t<\/span>\n\t\t\t\t<\/div>\n\t\t\t\t\t<\/div>\n\t\t<\/article>\n\t\t\t\t<article class=\"elementor-post elementor-grid-item post-413 post type-post status-publish format-standard hentry category-uncategorized\" role=\"listitem\">\n\t\t\t<div class=\"elementor-post__card\">\n\t\t\t\t<div class=\"elementor-post__text\">\n\t\t\t\t<h3 class=\"elementor-post__title\">\n\t\t\t<a href=\"https:\/\/sancepro.cz\/index.php\/2020\/04\/03\/projekt-rousky-2020\/\" >\n\t\t\t\tPROJEKT ROU\u0160KY 2020\t\t\t<\/a>\n\t\t<\/h3>\n\t\t\t\t<div class=\"elementor-post__excerpt\">\n\t\t\t<p>Spole\u010dnost \u0160ance P.R.O. se \u00fa\u010dastn\u00ed projektu ROU\u0160KY 2020 spole\u010dnosti A-Giga s.r.o. Ve spolupr\u00e1ci s V\u011bznic\u00ed Vina\u0159ice se zah\u00e1jila ve st\u0159edu 17.3.2020 \u010dinnost \u0161it\u00ed bavln\u011bn\u00fdch rou\u0161ek<\/p>\n\t\t<\/div>\n\t\t\n\t\t<a class=\"elementor-post__read-more\" href=\"https:\/\/sancepro.cz\/index.php\/2020\/04\/03\/projekt-rousky-2020\/\" aria-label=\"Read more about PROJEKT ROU\u0160KY 2020\" tabindex=\"-1\" >\n\t\t\tP\u0159e\u010d\u00edst v\u00edce\t\t<\/a>\n\n\t\t\t\t<\/div>\n\t\t\t\t<div class=\"elementor-post__meta-data\">\n\t\t\t\t\t<span class=\"elementor-post-date\">\n\t\t\t3 dubna, 2020\t\t<\/span>\n\t\t\t\t<\/div>\n\t\t\t\t\t<\/div>\n\t\t<\/article>\n\t\t\t\t<article class=\"elementor-post elementor-grid-item post-411 post type-post status-publish format-standard hentry category-sance-p-r-o\" role=\"listitem\">\n\t\t\t<div class=\"elementor-post__card\">\n\t\t\t\t<div class=\"elementor-post__text\">\n\t\t\t\t<h3 class=\"elementor-post__title\">\n\t\t\t<a href=\"https:\/\/sancepro.cz\/index.php\/2019\/09\/27\/zalozili-jsme-asociaci-organizaci-v-oblasti-vezenstvi\/\" >\n\t\t\t\tZalo\u017eili jsme Asociaci organizac\u00ed v oblasti v\u011bze\u0148stv\u00ed\t\t\t<\/a>\n\t\t<\/h3>\n\t\t\t\t<div class=\"elementor-post__excerpt\">\n\t\t\t<p>Dne 19.9.2019 jsme spolu s&nbsp;dal\u0161\u00edmi dev\u00edti organizacemi zalo\u017eili Asociaci organizac\u00ed v&nbsp;oblasti v\u011bze\u0148stv\u00ed. Jej\u00edmi zakl\u00e1daj\u00edc\u00edmi \u010dleny jsou: \u010cesk\u00fd helsinsk\u00fd v\u00fdbor, DP Work, LIGHTHOUSE spolek, Mezin\u00e1rodn\u00ed v\u011bze\u0148sk\u00e9<\/p>\n\t\t<\/div>\n\t\t\n\t\t<a class=\"elementor-post__read-more\" href=\"https:\/\/sancepro.cz\/index.php\/2019\/09\/27\/zalozili-jsme-asociaci-organizaci-v-oblasti-vezenstvi\/\" aria-label=\"Read more about Zalo\u017eili jsme Asociaci organizac\u00ed v oblasti v\u011bze\u0148stv\u00ed\" tabindex=\"-1\" >\n\t\t\tP\u0159e\u010d\u00edst v\u00edce\t\t<\/a>\n\n\t\t\t\t<\/div>\n\t\t\t\t<div class=\"elementor-post__meta-data\">\n\t\t\t\t\t<span class=\"elementor-post-date\">\n\t\t\t27 z\u00e1\u0159\u00ed, 2019\t\t<\/span>\n\t\t\t\t<\/div>\n\t\t\t\t\t<\/div>\n\t\t<\/article>\n\t\t\t\t<article class=\"elementor-post elementor-grid-item post-409 post type-post status-publish format-standard hentry category-sance-p-r-o\" role=\"listitem\">\n\t\t\t<div class=\"elementor-post__card\">\n\t\t\t\t<div class=\"elementor-post__text\">\n\t\t\t\t<h3 class=\"elementor-post__title\">\n\t\t\t<a href=\"https:\/\/sancepro.cz\/index.php\/2019\/09\/18\/ohlednuti-za-yellow-ribbon-run\/\" >\n\t\t\t\tOhl\u00e9dnut\u00ed za Yellow Ribbon Run\t\t\t<\/a>\n\t\t<\/h3>\n\t\t\t\t<div class=\"elementor-post__excerpt\">\n\t\t\t<p>L\u00e9to kon\u010d\u00ed a cel\u00fd t\u00fdm \u0160ance PRO r\u00e1d vzpom\u00edn\u00e1 na 4. ro\u010dn\u00edk Yellow Ribbon Run. P\u0159ipome\u0148te si s n\u00e1mi neopakovatelnou atmosf\u00e9ru na\u0161eho b\u011bhu proti p\u0159edsudk\u016fm,<\/p>\n\t\t<\/div>\n\t\t\n\t\t<a class=\"elementor-post__read-more\" href=\"https:\/\/sancepro.cz\/index.php\/2019\/09\/18\/ohlednuti-za-yellow-ribbon-run\/\" aria-label=\"Read more about Ohl\u00e9dnut\u00ed za Yellow Ribbon Run\" tabindex=\"-1\" >\n\t\t\tP\u0159e\u010d\u00edst v\u00edce\t\t<\/a>\n\n\t\t\t\t<\/div>\n\t\t\t\t<div class=\"elementor-post__meta-data\">\n\t\t\t\t\t<span class=\"elementor-post-date\">\n\t\t\t18 z\u00e1\u0159\u00ed, 2019\t\t<\/span>\n\t\t\t\t<\/div>\n\t\t\t\t\t<\/div>\n\t\t<\/article>\n\t\t\t\t<article class=\"elementor-post elementor-grid-item post-406 post type-post status-publish format-standard hentry category-sance-p-r-o\" role=\"listitem\">\n\t\t\t<div class=\"elementor-post__card\">\n\t\t\t\t<div class=\"elementor-post__text\">\n\t\t\t\t<h3 class=\"elementor-post__title\">\n\t\t\t<a href=\"https:\/\/sancepro.cz\/index.php\/2019\/06\/25\/zucastnili-jsme-se-prazske-stafety-yrr\/\" >\n\t\t\t\tZ\u00fa\u010dastnili jsme se Pra\u017esk\u00e9 \u0161tafety &#8211; YRR\t\t\t<\/a>\n\t\t<\/h3>\n\t\t\t\t<div class=\"elementor-post__excerpt\">\n\t\t\t<p>I letos jsme se z\u00fa\u010dastnili z\u00e1vodu Yellow Ribbon Run \u2013 b\u011bh se \u017elutou stu\u017ekou, kter\u00fd jsme si s cel\u00fdm t\u00fdmem \u0160ance PRO moc u\u017eili. V\u0161ichni<\/p>\n\t\t<\/div>\n\t\t\n\t\t<a class=\"elementor-post__read-more\" href=\"https:\/\/sancepro.cz\/index.php\/2019\/06\/25\/zucastnili-jsme-se-prazske-stafety-yrr\/\" aria-label=\"Read more about Z\u00fa\u010dastnili jsme se Pra\u017esk\u00e9 \u0161tafety &#8211; YRR\" tabindex=\"-1\" >\n\t\t\tP\u0159e\u010d\u00edst v\u00edce\t\t<\/a>\n\n\t\t\t\t<\/div>\n\t\t\t\t<div class=\"elementor-post__meta-data\">\n\t\t\t\t\t<span class=\"elementor-post-date\">\n\t\t\t25 \u010dervna, 2019\t\t<\/span>\n\t\t\t\t<\/div>\n\t\t\t\t\t<\/div>\n\t\t<\/article>\n\t\t\t\t<article class=\"elementor-post elementor-grid-item post-400 post type-post status-publish format-standard hentry category-uncategorized\" role=\"listitem\">\n\t\t\t<div class=\"elementor-post__card\">\n\t\t\t\t<div class=\"elementor-post__text\">\n\t\t\t\t<h3 class=\"elementor-post__title\">\n\t\t\t<a href=\"https:\/\/sancepro.cz\/index.php\/2019\/05\/27\/zlepsujeme-ceske-vezenstvi\/\" >\n\t\t\t\tZLEP\u0160UJEME \u010cESK\u00c9 V\u011aZE\u0147STV\u00cd\t\t\t<\/a>\n\t\t<\/h3>\n\t\t\t\t<div class=\"elementor-post__excerpt\">\n\t\t\t<p>Jsme sou\u010d\u00e1st\u00ed nov\u011b vznikaj\u00edc\u00ed asociaci, kter\u00e1 bude zam\u011b\u0159ena na oblast v\u011bze\u0148stv\u00ed a n\u00e1sledn\u00e9 p\u00e9\u010de. V souladu s pl\u00e1nov\u00e1n\u00edm aktivit jsme se z\u00fa\u010dastnili dvoudenn\u00edho strategick\u00e9ho pl\u00e1nov\u00e1n\u00ed,<\/p>\n\t\t<\/div>\n\t\t\n\t\t<a class=\"elementor-post__read-more\" href=\"https:\/\/sancepro.cz\/index.php\/2019\/05\/27\/zlepsujeme-ceske-vezenstvi\/\" aria-label=\"Read more about ZLEP\u0160UJEME \u010cESK\u00c9 V\u011aZE\u0147STV\u00cd\" tabindex=\"-1\" >\n\t\t\tP\u0159e\u010d\u00edst v\u00edce\t\t<\/a>\n\n\t\t\t\t<\/div>\n\t\t\t\t<div class=\"elementor-post__meta-data\">\n\t\t\t\t\t<span class=\"elementor-post-date\">\n\t\t\t27 kv\u011btna, 2019\t\t<\/span>\n\t\t\t\t<\/div>\n\t\t\t\t\t<\/div>\n\t\t<\/article>\n\t\t\t\t<article class=\"elementor-post elementor-grid-item post-397 post type-post status-publish format-standard hentry category-uncategorized\" role=\"listitem\">\n\t\t\t<div class=\"elementor-post__card\">\n\t\t\t\t<div class=\"elementor-post__text\">\n\t\t\t\t<h3 class=\"elementor-post__title\">\n\t\t\t<a href=\"https:\/\/sancepro.cz\/index.php\/2019\/04\/17\/pripravujeme-se-na-yrr-2019\/\" >\n\t\t\t\tP\u0158IPRAVUJEME SE NA YRR 2019\t\t\t<\/a>\n\t\t<\/h3>\n\t\t\t\t<div class=\"elementor-post__excerpt\">\n\t\t\t<p>I tento rok jsme se rozhodly podpo\u0159it akci Yellow Ribbon Run &#8211; b\u011bh se \u017elutou stu\u017ekou. Do akce je zapojeno na 40 firem a organizac\u00ed,<\/p>\n\t\t<\/div>\n\t\t\n\t\t<a class=\"elementor-post__read-more\" href=\"https:\/\/sancepro.cz\/index.php\/2019\/04\/17\/pripravujeme-se-na-yrr-2019\/\" aria-label=\"Read more about P\u0158IPRAVUJEME SE NA YRR 2019\" tabindex=\"-1\" >\n\t\t\tP\u0159e\u010d\u00edst v\u00edce\t\t<\/a>\n\n\t\t\t\t<\/div>\n\t\t\t\t<div class=\"elementor-post__meta-data\">\n\t\t\t\t\t<span class=\"elementor-post-date\">\n\t\t\t17 dubna, 2019\t\t<\/span>\n\t\t\t\t<\/div>\n\t\t\t\t\t<\/div>\n\t\t<\/article>\n\t\t\t\t<article class=\"elementor-post elementor-grid-item post-405 post type-post status-publish format-standard hentry category-uncategorized\" role=\"listitem\">\n\t\t\t<div class=\"elementor-post__card\">\n\t\t\t\t<div class=\"elementor-post__text\">\n\t\t\t\t<h3 class=\"elementor-post__title\">\n\t\t\t<a href=\"https:\/\/sancepro.cz\/index.php\/2019\/01\/25\/sance-75\/\" >\n\t\t\t\t\u0160ance 75\t\t\t<\/a>\n\t\t<\/h3>\n\t\t\t\t<div class=\"elementor-post__excerpt\">\n\t\t\t<p>V r\u00e1mci projektu \u0160ance 75 \u0159e\u0161\u00edme s na\u0161imi odborn\u00edky zadlu\u017eenost, u\u010d\u00edme finan\u010dn\u00ed gramotnosti a tak\u00e9 pracujeme na odstran\u011bn\u00ed z\u00e1vislost\u00ed. Je to p\u0159\u00edprava na \u017eivot \u201epot\u00e9\u201c.<\/p>\n\t\t<\/div>\n\t\t\n\t\t<a class=\"elementor-post__read-more\" href=\"https:\/\/sancepro.cz\/index.php\/2019\/01\/25\/sance-75\/\" aria-label=\"Read more about \u0160ance 75\" tabindex=\"-1\" >\n\t\t\tP\u0159e\u010d\u00edst v\u00edce\t\t<\/a>\n\n\t\t\t\t<\/div>\n\t\t\t\t<div class=\"elementor-post__meta-data\">\n\t\t\t\t\t<span class=\"elementor-post-date\">\n\t\t\t25 ledna, 2019\t\t<\/span>\n\t\t\t\t<\/div>\n\t\t\t\t\t<\/div>\n\t\t<\/article>\n\t\t\t\t<article class=\"elementor-post elementor-grid-item post-395 post type-post status-publish format-standard hentry category-sance-p-r-o\" role=\"listitem\">\n\t\t\t<div class=\"elementor-post__card\">\n\t\t\t\t<div class=\"elementor-post__text\">\n\t\t\t\t<h3 class=\"elementor-post__title\">\n\t\t\t<a href=\"https:\/\/sancepro.cz\/index.php\/2018\/04\/30\/ucastnili-jsme-se-vyzkumu-michaela-montalta\/\" >\n\t\t\t\t\u00da\u010dastnili jsme se v\u00fdzkumu Michaela Montalta\t\t\t<\/a>\n\t\t<\/h3>\n\t\t\t\t<div class=\"elementor-post__excerpt\">\n\t\t\t<p>\u00da\u010dastnili jsme se v\u00fdzkumu, podpo\u0159en\u00e9ho gener\u00e1ln\u00edm \u0159editelem V\u011bze\u0148sk\u00e9 slu\u017eby \u010cR, kter\u00fd prov\u00e1d\u011bl ve V\u011bznici Vina\u0159ice Michael Montalto, student The University of Western Australia (na sn\u00edmku<\/p>\n\t\t<\/div>\n\t\t\n\t\t<a class=\"elementor-post__read-more\" href=\"https:\/\/sancepro.cz\/index.php\/2018\/04\/30\/ucastnili-jsme-se-vyzkumu-michaela-montalta\/\" aria-label=\"Read more about \u00da\u010dastnili jsme se v\u00fdzkumu Michaela Montalta\" tabindex=\"-1\" >\n\t\t\tP\u0159e\u010d\u00edst v\u00edce\t\t<\/a>\n\n\t\t\t\t<\/div>\n\t\t\t\t<div class=\"elementor-post__meta-data\">\n\t\t\t\t\t<span class=\"elementor-post-date\">\n\t\t\t30 dubna, 2018\t\t<\/span>\n\t\t\t\t<\/div>\n\t\t\t\t\t<\/div>\n\t\t<\/article>\n\t\t\t\t<article class=\"elementor-post elementor-grid-item post-392 post type-post status-publish format-standard hentry category-sance-p-r-o\" role=\"listitem\">\n\t\t\t<div class=\"elementor-post__card\">\n\t\t\t\t<div class=\"elementor-post__text\">\n\t\t\t\t<h3 class=\"elementor-post__title\">\n\t\t\t<a href=\"https:\/\/sancepro.cz\/index.php\/2018\/03\/03\/ohlednuti-za-yellow-ribbon-run-a-priprava-na-rok-2018\/\" >\n\t\t\t\tOhl\u00e9dnut\u00ed za Yellow Ribbon Run a p\u0159\u00edprava na rok 2018\t\t\t<\/a>\n\t\t<\/h3>\n\t\t\t\t<div class=\"elementor-post__excerpt\">\n\t\t\t<p>Yellow ribbon run aneb B\u011bh se \u017elutou stu\u017ekou poukazuje na probl\u00e9m obt\u00ed\u017en\u00e9 zam\u011bstnatelnosti osob po v\u00fdkonu trestu odn\u011bt\u00ed svobody. Projekt Yellow Ribbon Run pom\u00e1h\u00e1 bo\u0159it<\/p>\n\t\t<\/div>\n\t\t\n\t\t<a class=\"elementor-post__read-more\" href=\"https:\/\/sancepro.cz\/index.php\/2018\/03\/03\/ohlednuti-za-yellow-ribbon-run-a-priprava-na-rok-2018\/\" aria-label=\"Read more about Ohl\u00e9dnut\u00ed za Yellow Ribbon Run a p\u0159\u00edprava na rok 2018\" tabindex=\"-1\" >\n\t\t\tP\u0159e\u010d\u00edst v\u00edce\t\t<\/a>\n\n\t\t\t\t<\/div>\n\t\t\t\t<div class=\"elementor-post__meta-data\">\n\t\t\t\t\t<span class=\"elementor-post-date\">\n\t\t\t3 b\u0159ezna, 2018\t\t<\/span>\n\t\t\t\t<\/div>\n\t\t\t\t\t<\/div>\n\t\t<\/article>\n\t\t\t\t<article class=\"elementor-post elementor-grid-item post-390 post type-post status-publish format-standard hentry category-sance-p-r-o\" role=\"listitem\">\n\t\t\t<div class=\"elementor-post__card\">\n\t\t\t\t<div class=\"elementor-post__text\">\n\t\t\t\t<h3 class=\"elementor-post__title\">\n\t\t\t<a href=\"https:\/\/sancepro.cz\/index.php\/2018\/02\/20\/jakub-a-jeho-cesta-k-uspechu\/\" >\n\t\t\t\tJakub a jeho cesta k \u00fasp\u011bchu\t\t\t<\/a>\n\t\t<\/h3>\n\t\t\t\t<div class=\"elementor-post__excerpt\">\n\t\t\t<p>Jakub opustil br\u00e1ny v\u011bznice v \u010dervnu 2017 a vyu\u017eil \u0161ance pro op\u011btovn\u00e9 za\u010dlen\u011bn\u00ed se do spole\u010dnosti. Ji\u017e v\u00edce ne\u017e p\u016fl roku pracuje v na\u0161\u00ed pobo\u010dce<\/p>\n\t\t<\/div>\n\t\t\n\t\t<a class=\"elementor-post__read-more\" href=\"https:\/\/sancepro.cz\/index.php\/2018\/02\/20\/jakub-a-jeho-cesta-k-uspechu\/\" aria-label=\"Read more about Jakub a jeho cesta k \u00fasp\u011bchu\" tabindex=\"-1\" >\n\t\t\tP\u0159e\u010d\u00edst v\u00edce\t\t<\/a>\n\n\t\t\t\t<\/div>\n\t\t\t\t<div class=\"elementor-post__meta-data\">\n\t\t\t\t\t<span class=\"elementor-post-date\">\n\t\t\t20 \u00fanora, 2018\t\t<\/span>\n\t\t\t\t<\/div>\n\t\t\t\t\t<\/div>\n\t\t<\/article>\n\t\t\t\t<article class=\"elementor-post elementor-grid-item post-388 post type-post status-publish format-standard hentry category-sance-p-r-o\" role=\"listitem\">\n\t\t\t<div class=\"elementor-post__card\">\n\t\t\t\t<div class=\"elementor-post__text\">\n\t\t\t\t<h3 class=\"elementor-post__title\">\n\t\t\t<a href=\"https:\/\/sancepro.cz\/index.php\/2017\/09\/17\/karel-jiz-prvni-den-na-svobode\/\" >\n\t\t\t\tKarel ji\u017e prvn\u00ed den na svobod\u011b&#8230;\t\t\t<\/a>\n\t\t<\/h3>\n\t\t\t\t<div class=\"elementor-post__excerpt\">\n\t\t\t<p>Doprov\u00e1zeli jsme Karla prvn\u00ed den svobod\u011b. Pov\u00eddali jsme si o re\u017eimu dal\u0161\u00ed spolupr\u00e1ce a jak\u00e9 \u0161ance se pro n\u011bj u n\u00e1s nask\u00fdtaj\u00ed.<\/p>\n\t\t<\/div>\n\t\t\n\t\t<a class=\"elementor-post__read-more\" href=\"https:\/\/sancepro.cz\/index.php\/2017\/09\/17\/karel-jiz-prvni-den-na-svobode\/\" aria-label=\"Read more about Karel ji\u017e prvn\u00ed den na svobod\u011b&#8230;\" tabindex=\"-1\" >\n\t\t\tP\u0159e\u010d\u00edst v\u00edce\t\t<\/a>\n\n\t\t\t\t<\/div>\n\t\t\t\t<div class=\"elementor-post__meta-data\">\n\t\t\t\t\t<span class=\"elementor-post-date\">\n\t\t\t17 z\u00e1\u0159\u00ed, 2017\t\t<\/span>\n\t\t\t\t<\/div>\n\t\t\t\t\t<\/div>\n\t\t<\/article>\n\t\t\t\t<article class=\"elementor-post elementor-grid-item post-387 post type-post status-publish format-standard hentry category-kladno\" role=\"listitem\">\n\t\t\t<div class=\"elementor-post__card\">\n\t\t\t\t<div class=\"elementor-post__text\">\n\t\t\t\t<h3 class=\"elementor-post__title\">\n\t\t\t<a href=\"https:\/\/sancepro.cz\/index.php\/2017\/09\/17\/karel-se-pripravuje-se-na-praci-po-propusteni\/\" >\n\t\t\t\t\u0160ance pro Karla za\u010d\u00edt v \u017eivot\u011b znovu\t\t\t<\/a>\n\t\t<\/h3>\n\t\t\t\t<div class=\"elementor-post__excerpt\">\n\t\t\t<p>Odsouzen\u00fd Karel Mat\u011bj\u010dek nastoupil do call centra na Kladn\u011b, kde ho tr\u00e9novali a podporovali zam\u011bstnanci firmy A-GIGA. Po p\u00e1r m\u011bs\u00edc\u00edch spolupr\u00e1ce se Karel rozhodl pokra\u010dovat<\/p>\n\t\t<\/div>\n\t\t\n\t\t<a class=\"elementor-post__read-more\" href=\"https:\/\/sancepro.cz\/index.php\/2017\/09\/17\/karel-se-pripravuje-se-na-praci-po-propusteni\/\" aria-label=\"Read more about \u0160ance pro Karla za\u010d\u00edt v \u017eivot\u011b znovu\" tabindex=\"-1\" >\n\t\t\tP\u0159e\u010d\u00edst v\u00edce\t\t<\/a>\n\n\t\t\t\t<\/div>\n\t\t\t\t<div class=\"elementor-post__meta-data\">\n\t\t\t\t\t<span class=\"elementor-post-date\">\n\t\t\t17 z\u00e1\u0159\u00ed, 2017\t\t<\/span>\n\t\t\t\t<\/div>\n\t\t\t\t\t<\/div>\n\t\t<\/article>\n\t\t\t\t<article class=\"elementor-post elementor-grid-item post-383 post type-post status-publish format-standard hentry category-sance-p-r-o\" role=\"listitem\">\n\t\t\t<div class=\"elementor-post__card\">\n\t\t\t\t<div class=\"elementor-post__text\">\n\t\t\t\t<h3 class=\"elementor-post__title\">\n\t\t\t<a href=\"https:\/\/sancepro.cz\/index.php\/2017\/09\/17\/v-patek-1-9-2017-jsme-pomahali\/\" >\n\t\t\t\tV p\u00e1tek 1.9.2017 jsme pom\u00e1hali&#8230;\t\t\t<\/a>\n\t\t<\/h3>\n\t\t\t\t<div class=\"elementor-post__excerpt\">\n\t\t\t<p>V p\u00e1tek 1.9.2017 jsme pom\u00e1hali Davidovi Berkovi p\u0159i prvn\u00edch kroc\u00edch na svobod\u011b a p\u0159i n\u00e1kupu d\u00e1rk\u016f pro sv\u00e9ho syna. \u0160ance pro Davida se nask\u00fdt\u00e1 od<\/p>\n\t\t<\/div>\n\t\t\n\t\t<a class=\"elementor-post__read-more\" href=\"https:\/\/sancepro.cz\/index.php\/2017\/09\/17\/v-patek-1-9-2017-jsme-pomahali\/\" aria-label=\"Read more about V p\u00e1tek 1.9.2017 jsme pom\u00e1hali&#8230;\" tabindex=\"-1\" >\n\t\t\tP\u0159e\u010d\u00edst v\u00edce\t\t<\/a>\n\n\t\t\t\t<\/div>\n\t\t\t\t<div class=\"elementor-post__meta-data\">\n\t\t\t\t\t<span class=\"elementor-post-date\">\n\t\t\t17 z\u00e1\u0159\u00ed, 2017\t\t<\/span>\n\t\t\t\t<\/div>\n\t\t\t\t\t<\/div>\n\t\t<\/article>\n\t\t\t\t<\/div>\n\t\t\n\t\t\t\t\t\t<\/div>\n\t\t\t\t<\/div>\n\t\t\t\t\t<\/div>\n\t\t<\/div>\n\t\t\t\t\t<\/div>\n\t\t<\/section>\n\t\t\t\t\t<\/div>\n\t\t<\/div>\n\t\t\t\t\t<\/div>\n\t\t<\/section>\n\t\t\t\t<\/div>\n\t\t","protected":false},"excerpt":{"rendered":"<p>Novinky<\/p>\n","protected":false},"author":1,"featured_media":0,"parent":0,"menu_order":0,"comment_status":"closed","ping_status":"closed","template":"","meta":{"footnotes":""},"class_list":["post-319","page","type-page","status-publish","hentry"],"_links":{"self":[{"href":"https:\/\/sancepro.cz\/index.php\/wp-json\/wp\/v2\/pages\/319","targetHints":{"allow":["GET"]}}],"collection":[{"href":"https:\/\/sancepro.cz\/index.php\/wp-json\/wp\/v2\/pages"}],"about":[{"href":"https:\/\/sancepro.cz\/index.php\/wp-json\/wp\/v2\/types\/page"}],"author":[{"embeddable":true,"href":"https:\/\/sancepro.cz\/index.php\/wp-json\/wp\/v2\/users\/1"}],"replies":[{"embeddable":true,"href":"https:\/\/sancepro.cz\/index.php\/wp-json\/wp\/v2\/comments?post=319"}],"version-history":[{"count":13,"href":"https:\/\/sancepro.cz\/index.php\/wp-json\/wp\/v2\/pages\/319\/revisions"}],"predecessor-version":[{"id":785,"href":"https:\/\/sancepro.cz\/index.php\/wp-json\/wp\/v2\/pages\/319\/revisions\/785"}],"wp:attachment":[{"href":"https:\/\/sancepro.cz\/index.php\/wp-json\/wp\/v2\/media?parent=319"}],"curies":[{"name":"wp","href":"https:\/\/api.w.org\/{rel}","templated":true}]}}